{"id":8,"date":"2018-04-02T12:52:08","date_gmt":"2018-04-02T12:52:08","guid":{"rendered":"https:\/\/www.salvatorianas.org.br\/blog\/?page_id=8"},"modified":"2018-04-02T13:24:23","modified_gmt":"2018-04-02T13:24:23","slug":"materiais","status":"publish","type":"page","link":"https:\/\/www.salvatorianas.org.br\/blog\/materiais\/","title":{"rendered":"Materiais"},"content":{"rendered":"<p><img decoding=\"async\" loading=\"lazy\" class=\"alignnone size-full wp-image-21\" src=\"https:\/\/www.salvatorianas.org.br\/blog\/wp-content\/uploads\/2018\/04\/000.jpg\" alt=\"\" width=\"640\" height=\"538\" srcset=\"https:\/\/www.salvatorianas.org.br\/blog\/wp-content\/uploads\/2018\/04\/000.jpg 640w, https:\/\/www.salvatorianas.org.br\/blog\/wp-content\/uploads\/2018\/04\/000-300x252.jpg 300w\" sizes=\"(max-width: 640px) 100vw, 640px\" \/>Aqui voc\u00ea encontra subs\u00eddios relacionados as juventudes, a voca\u00e7\u00e3o, projeto de vida entre outros. Fa\u00e7amos uso dos mesmos para enriquecer nossas reflex\u00f5es, estudos, ora\u00e7\u00f5es e a\u00e7\u00e3o e assim compartilhar o que sabemos a servi\u00e7o das juventudes.<\/p>\n<h3>Arquivos<\/h3>\n<ul>\n<li><a href=\"https:\/\/www.salvatorianas.org.br\/blog\/wp-content\/uploads\/2018\/04\/projeto-de-vida.pdf\">Projeto Vida<\/a><\/li>\n<li><a href=\"https:\/\/www.salvatorianas.org.br\/blog\/wp-content\/uploads\/2018\/04\/nazare-casa.pdf\">Nazar\u00e9 Casa<\/a><\/li>\n<li><a href=\"https:\/\/www.salvatorianas.org.br\/blog\/wp-content\/uploads\/2018\/04\/nazare-trabalho.pdf\">Nazar\u00e9 Trabalho<\/a><\/li>\n<li><a href=\"https:\/\/www.salvatorianas.org.br\/blog\/wp-content\/uploads\/2018\/04\/projeto-celam.pdf\">Vida Projeto CELAM<\/a><\/li>\n<li><a href=\"https:\/\/www.salvatorianas.org.br\/blog\/wp-content\/uploads\/2018\/04\/pela-vida-seguimos.pdf\">Pela vida seguimos<\/a><\/li>\n<li><a href=\"https:\/\/www.salvatorianas.org.br\/blog\/wp-content\/uploads\/2018\/04\/terco-vocacional.docx\">Ter\u00e7o Vocacional<\/a><\/li>\n<li><a href=\"https:\/\/www.salvatorianas.org.br\/blog\/wp-content\/uploads\/2018\/04\/congresso-vr.pdf\">Ora\u00e7\u00e3o Congresso VR<\/a><\/li>\n<li><a href=\"https:\/\/www.salvatorianas.org.br\/blog\/wp-content\/uploads\/2018\/04\/viver-a-vocacao-no-coracao-do-mundo.docx\">Viver a voca\u00e7\u00e3o no cora\u00e7\u00e3o do mundo<\/a><\/li>\n<li><a href=\"https:\/\/www.salvatorianas.org.br\/blog\/wp-content\/uploads\/2018\/04\/nazare-e-jerusalem.pdf\">Nazar\u00e9 e Jerusal\u00e9m<\/a><\/li>\n<li><a href=\"https:\/\/www.salvatorianas.org.br\/blog\/wp-content\/uploads\/2018\/04\/oficio-divino-da-juventude.pdf\">Of\u00edcio Divino da Juventude<\/a><\/li>\n<\/ul>\n","protected":false},"excerpt":{"rendered":"<p>Aqui voc\u00ea encontra subs\u00eddios relacionados as juventudes, a voca\u00e7\u00e3o, projeto de vida entre outros. Fa\u00e7amos uso dos mesmos para enriquecer nossas reflex\u00f5es, estudos, ora\u00e7\u00f5es e a\u00e7\u00e3o e assim compartilhar o que sabemos a&#8230;<\/p>\n","protected":false},"author":1,"featured_media":0,"parent":0,"menu_order":0,"comment_status":"closed","ping_status":"closed","template":"","meta":[],"_links":{"self":[{"href":"https:\/\/www.salvatorianas.org.br\/blog\/wp-json\/wp\/v2\/pages\/8"}],"collection":[{"href":"https:\/\/www.salvatorianas.org.br\/blog\/wp-json\/wp\/v2\/pages"}],"about":[{"href":"https:\/\/www.salvatorianas.org.br\/blog\/wp-json\/wp\/v2\/types\/page"}],"author":[{"embeddable":true,"href":"https:\/\/www.salvatorianas.org.br\/blog\/wp-json\/wp\/v2\/users\/1"}],"replies":[{"embeddable":true,"href":"https:\/\/www.salvatorianas.org.br\/blog\/wp-json\/wp\/v2\/comments?post=8"}],"version-history":[{"count":4,"href":"https:\/\/www.salvatorianas.org.br\/blog\/wp-json\/wp\/v2\/pages\/8\/revisions"}],"predecessor-version":[{"id":61,"href":"https:\/\/www.salvatorianas.org.br\/blog\/wp-json\/wp\/v2\/pages\/8\/revisions\/61"}],"wp:attachment":[{"href":"https:\/\/www.salvatorianas.org.br\/blog\/wp-json\/wp\/v2\/media?parent=8"}],"curies":[{"name":"wp","href":"https:\/\/api.w.org\/{rel}","templated":true}]}}