{"id":10,"date":"2018-04-02T12:54:31","date_gmt":"2018-04-02T12:54:31","guid":{"rendered":"https:\/\/www.salvatorianas.org.br\/blog\/?page_id=10"},"modified":"2018-04-02T12:54:31","modified_gmt":"2018-04-02T12:54:31","slug":"vocacao-e-projeto-de-vida","status":"publish","type":"page","link":"https:\/\/www.salvatorianas.org.br\/blog\/vocacao-e-projeto-de-vida\/","title":{"rendered":"Voca\u00e7\u00e3o e Projeto de Vida"},"content":{"rendered":"<h2>PROJETO DE VIDA \u2013 ABRINDO CAMINHOS<\/h2>\n<p><strong>\u201cEu sou caminho a verdade e a vida\u201d. (Jo 14, 5-6)<\/strong><img decoding=\"async\" loading=\"lazy\" class=\"alignnone size-full wp-image-33\" src=\"https:\/\/www.salvatorianas.org.br\/blog\/wp-content\/uploads\/2018\/04\/01-2.jpg\" alt=\"\" width=\"640\" height=\"480\" srcset=\"https:\/\/www.salvatorianas.org.br\/blog\/wp-content\/uploads\/2018\/04\/01-2.jpg 640w, https:\/\/www.salvatorianas.org.br\/blog\/wp-content\/uploads\/2018\/04\/01-2-300x225.jpg 300w\" sizes=\"(max-width: 640px) 100vw, 640px\" \/>&nbsp;Jesus \u00e9 o caminho a verdade e a vida. Ele \u00e9 a LUZ a guiar e a orientar nossos passos, nele encontramos a for\u00e7a necess\u00e1ria para nunca desistirmos. Ele \u00e9 que nos chama e envia em miss\u00e3o. Caminhar com Jesus \u00e9 seguir os seus passos. Tendo Jesus Cristo o modelo a ser seguido, a luz que orienta e esclarece, saberemos qual o melhor caminho trilhar.Importante perguntar-se: <strong>Para que um projeto de vida?<\/strong>A vida \u00e9 um constante caminhar. Cada passo nos leva adiante naquilo que nos propomos a buscar para dar sentido \u00e0 vida e o que nos move nessa travessia \u00e9 a f\u00e9. O projeto de vida deve ajudar na constru\u00e7\u00e3o de uma nova forma de viver, de pensar e agir. Sustentar a caminhada de f\u00e9, consolidar os sonhos, cultivar os valores e discernir novos caminhos.Ao elaborar o projeto de vida \u00e9 importante ir ao encontro do projeto de vida das outras pessoas compartilhando a f\u00e9, os desafios, os obst\u00e1culos, as alegrias, os desejos e a esperan\u00e7a de tornar poss\u00edveis os sonhos. Sonho que se sonha s\u00f3 pode ser ilus\u00e3o, por isso \u00e9 fundamental partilhar e assim encontrar no outro e na outra essa luz que ajuda a abrir novos caminhos. Ao elaborar o projeto n\u00e3o perca de vista o chamado que Deus faz a voc\u00ea e para qual miss\u00e3o Ele envia. Com amor Ele olha para a grandeza interior de cada pessoa e diz \u201cFa\u00e7o de VOC\u00ca uma LUZ para as na\u00e7\u00f5es\u201d (Is 49, 6).<\/p>\n<h3>VOCA\u00c7\u00c3O<\/h3>\n<p>A primeira e grande voca\u00e7\u00e3o do ser humano \u00e9 o chamado \u00e0 VIDA.A palavra <strong>VOCA\u00c7\u00c3O<\/strong> significa chamar. Essa voz que chama \u00e9 de Deus. \u00c9 Ele que nos chama primeiro, despertando nossa vontade, nossa consci\u00eancia. Deus nos convida a estar com Ele, seguindo a Jesus Salvador e sua pr\u00e1tica de amor. Deus sabe o que est\u00e1 pedindo, pois nos conhece desde o ventre de nossa m\u00e3e e vem nos ajudando. Chama-nos, mas deixa-nos livres em aceitar ou n\u00e3o. Na escolha que fazemos sempre est\u00e1 a LUZ de Deus iluminando nossas ideias para acolher a miss\u00e3o que Ele nos confia.Jesus continua fazendo convites permanentes, como: \u201c<strong>Vem e segue-me<\/strong>\u201d, \u201c<strong>Vinde e vede<\/strong>\u201d, \u201c<strong>Coragem! Levanta-te, Ele te chama<\/strong>\u201d, \u201c<strong>Ide tamb\u00e9m v\u00f3s para a minha vinha<\/strong>\u201d, \u201c<strong>Ide, pois, fazei disc\u00edpulos meus em todas as na\u00e7\u00f5es<\/strong>\u201d. Sempre haver\u00e1 o convite e a resposta ser\u00e1 de cada pessoa que se sente convocada.<strong>Eu sou o caminho a verdade e a vida.<\/strong><strong>Vem e segue-me!<\/strong><strong>Voca\u00e7\u00e3o \u00e9 dom de Deus. Descubra este Dom em voc\u00ea.<\/strong><img decoding=\"async\" loading=\"lazy\" class=\"alignnone size-full wp-image-34\" src=\"https:\/\/www.salvatorianas.org.br\/blog\/wp-content\/uploads\/2018\/04\/02-2.jpg\" alt=\"\" width=\"640\" height=\"448\" srcset=\"https:\/\/www.salvatorianas.org.br\/blog\/wp-content\/uploads\/2018\/04\/02-2.jpg 640w, https:\/\/www.salvatorianas.org.br\/blog\/wp-content\/uploads\/2018\/04\/02-2-300x210.jpg 300w\" sizes=\"(max-width: 640px) 100vw, 640px\" \/>&nbsp;Se voc\u00ea se sente chamado por Deus para a vida consagrada e deseja ser Irm\u00e3 Salvatoriana, teremos alegria em ajud\u00e1-la a discernir a sua voca\u00e7\u00e3o e acompanh\u00e1-la na sua caminhada vocacional.A animadora vocacional atrav\u00e9s do Servi\u00e7o de Anima\u00e7\u00e3o Vocacional faz um acompanhamento personalizado a cada jovem para ingressar na Congrega\u00e7\u00e3o, constitu\u00eddo de entrevistas, comunica\u00e7\u00e3o por correspond\u00eancias, visita \u00e0 fam\u00edlia, encontros diversos.A miss\u00e3o das Irm\u00e3s Salvatorianas consiste em tornar Jesus Salvador conhecido e amado por todos, em todos os lugares atrav\u00e9s de todos os modos e meios que o amor inspirar.Venha e fa\u00e7a contato conosco para juntas fazermos o caminho da escolha vocacional.<\/p>\n","protected":false},"excerpt":{"rendered":"<p>PROJETO DE VIDA \u2013 ABRINDO CAMINHOS \u201cEu sou caminho a verdade e a vida\u201d. (Jo 14, 5-6)&nbsp;Jesus \u00e9 o caminho a verdade e a vida. Ele \u00e9 a LUZ a guiar e a&#8230;<\/p>\n","protected":false},"author":1,"featured_media":0,"parent":0,"menu_order":0,"comment_status":"closed","ping_status":"closed","template":"","meta":[],"_links":{"self":[{"href":"https:\/\/www.salvatorianas.org.br\/blog\/wp-json\/wp\/v2\/pages\/10"}],"collection":[{"href":"https:\/\/www.salvatorianas.org.br\/blog\/wp-json\/wp\/v2\/pages"}],"about":[{"href":"https:\/\/www.salvatorianas.org.br\/blog\/wp-json\/wp\/v2\/types\/page"}],"author":[{"embeddable":true,"href":"https:\/\/www.salvatorianas.org.br\/blog\/wp-json\/wp\/v2\/users\/1"}],"replies":[{"embeddable":true,"href":"https:\/\/www.salvatorianas.org.br\/blog\/wp-json\/wp\/v2\/comments?post=10"}],"version-history":[{"count":1,"href":"https:\/\/www.salvatorianas.org.br\/blog\/wp-json\/wp\/v2\/pages\/10\/revisions"}],"predecessor-version":[{"id":35,"href":"https:\/\/www.salvatorianas.org.br\/blog\/wp-json\/wp\/v2\/pages\/10\/revisions\/35"}],"wp:attachment":[{"href":"https:\/\/www.salvatorianas.org.br\/blog\/wp-json\/wp\/v2\/media?parent=10"}],"curies":[{"name":"wp","href":"https:\/\/api.w.org\/{rel}","templated":true}]}}